{"id":8609,"date":"2022-11-11T15:33:08","date_gmt":"2022-11-11T15:33:08","guid":{"rendered":"https:\/\/www.chiesifoundation.org\/portfolio-items\/8609\/"},"modified":"2025-11-03T13:48:14","modified_gmt":"2025-11-03T13:48:14","slug":"8609","status":"publish","type":"avada_portfolio","link":"https:\/\/www.paolochiesifoundation.org\/fr\/portfolio-items\/8609\/","title":{"rendered":"Th\u00e9orie du changement \u2013 NEST"},"content":{"rendered":"<div class=\"fusion-fullwidth fullwidth-box fusion-builder-row-1 fusion-flex-container has-pattern-background has-mask-background nonhundred-percent-fullwidth non-hundred-percent-height-scrolling\" style=\"--awb-border-radius-top-left:0px;--awb-border-radius-top-right:0px;--awb-border-radius-bottom-right:0px;--awb-border-radius-bottom-left:0px;--awb-padding-right:0px;--awb-padding-left:0px;--awb-flex-wrap:wrap;\" ><div class=\"fusion-builder-row fusion-row fusion-flex-align-items-flex-start fusion-flex-content-wrap\" style=\"max-width:1216.8px;margin-left: calc(-4% \/ 2 );margin-right: calc(-4% \/ 2 );\"><div class=\"fusion-layout-column fusion_builder_column fusion-builder-column-0 fusion_builder_column_1_1 1_1 fusion-flex-column\" style=\"--awb-bg-size:cover;--awb-width-large:100%;--awb-margin-top-large:0px;--awb-spacing-right-large:1.92%;--awb-margin-bottom-large:0px;--awb-spacing-left-large:1.92%;--awb-width-medium:100%;--awb-order-medium:0;--awb-spacing-right-medium:1.92%;--awb-spacing-left-medium:1.92%;--awb-width-small:100%;--awb-order-small:0;--awb-spacing-right-small:1.92%;--awb-spacing-left-small:1.92%;\"><div class=\"fusion-column-wrapper fusion-column-has-shadow fusion-flex-justify-content-flex-start fusion-content-layout-column\"><div class=\"fusion-text fusion-text-1\"><p>En 2016, nous avons appliqu\u00e9 la m\u00e9thodologie bien connue de la th\u00e9orie du changement au projet NEST afin de mieux cibler et de compl\u00e9ter la description des \u00e9l\u00e9ments essentiels et des activit\u00e9s sp\u00e9cifiques n\u00e9cessaires \u00e0 la r\u00e9alisation de la mission du projet et d&rsquo;aboutir \u00e0 la conception compl\u00e8te du mod\u00e8le d&rsquo;unit\u00e9 de soins n\u00e9onatals (USN) que nous avons l&rsquo;intention de proposer et de mettre en \u0153uvre dans des contextes aux ressources limit\u00e9es.<\/p>\n<\/div><\/div><\/div><\/div><\/div>\n","protected":false},"excerpt":{"rendered":"","protected":false},"author":8,"featured_media":0,"menu_order":0,"comment_status":"open","ping_status":"closed","template":"","format":"standard","meta":{"footnotes":""},"portfolio_category":[106],"portfolio_skills":[],"portfolio_tags":[],"class_list":["post-8609","avada_portfolio","type-avada_portfolio","status-publish","format-standard","hentry","portfolio_category-nest-fr"],"yoast_head":"<!-- This site is optimized with the Yoast SEO plugin v27.5 - https:\/\/yoast.com\/product\/yoast-seo-wordpress\/ -->\n<title>Th\u00e9orie du changement - NEST - Paolo Chiesi Foundation<\/title>\n<meta name=\"robots\" content=\"index, follow, max-snippet:-1, max-image-preview:large, max-video-preview:-1\" \/>\n<link rel=\"canonical\" href=\"https:\/\/www.paolochiesifoundation.org\/fr\/portfolio-items\/8609\/\" \/>\n<meta property=\"og:locale\" content=\"fr_FR\" \/>\n<meta property=\"og:type\" content=\"article\" \/>\n<meta property=\"og:title\" content=\"Th\u00e9orie du changement - NEST - Paolo Chiesi Foundation\" \/>\n<meta property=\"og:url\" content=\"https:\/\/www.paolochiesifoundation.org\/fr\/portfolio-items\/8609\/\" \/>\n<meta property=\"og:site_name\" content=\"Paolo Chiesi Foundation\" \/>\n<meta property=\"article:publisher\" content=\"https:\/\/www.facebook.com\/Chiesi.Foundation\/\" \/>\n<meta property=\"article:modified_time\" content=\"2025-11-03T13:48:14+00:00\" \/>\n<meta property=\"og:image\" content=\"https:\/\/www.paolochiesifoundation.org\/wp-content\/uploads\/2025\/09\/PCF-logo-pos-e1758787716100.png\" \/>\n\t<meta property=\"og:image:width\" content=\"1815\" \/>\n\t<meta property=\"og:image:height\" content=\"1145\" \/>\n\t<meta property=\"og:image:type\" content=\"image\/png\" \/>\n<meta name=\"twitter:card\" content=\"summary_large_image\" \/>\n<meta name=\"twitter:label1\" content=\"Dur\u00e9e de lecture estim\u00e9e\" \/>\n\t<meta name=\"twitter:data1\" content=\"1 minute\" \/>\n<script type=\"application\/ld+json\" class=\"yoast-schema-graph\">{\"@context\":\"https:\\\/\\\/schema.org\",\"@graph\":[{\"@type\":\"WebPage\",\"@id\":\"https:\\\/\\\/www.paolochiesifoundation.org\\\/fr\\\/portfolio-items\\\/8609\\\/\",\"url\":\"https:\\\/\\\/www.paolochiesifoundation.org\\\/fr\\\/portfolio-items\\\/8609\\\/\",\"name\":\"Th\u00e9orie du changement - NEST - Paolo Chiesi Foundation\",\"isPartOf\":{\"@id\":\"https:\\\/\\\/www.paolochiesifoundation.org\\\/fr\\\/#website\"},\"datePublished\":\"2022-11-11T15:33:08+00:00\",\"dateModified\":\"2025-11-03T13:48:14+00:00\",\"breadcrumb\":{\"@id\":\"https:\\\/\\\/www.paolochiesifoundation.org\\\/fr\\\/portfolio-items\\\/8609\\\/#breadcrumb\"},\"inLanguage\":\"fr-FR\",\"potentialAction\":[{\"@type\":\"ReadAction\",\"target\":[\"https:\\\/\\\/www.paolochiesifoundation.org\\\/fr\\\/portfolio-items\\\/8609\\\/\"]}]},{\"@type\":\"BreadcrumbList\",\"@id\":\"https:\\\/\\\/www.paolochiesifoundation.org\\\/fr\\\/portfolio-items\\\/8609\\\/#breadcrumb\",\"itemListElement\":[{\"@type\":\"ListItem\",\"position\":1,\"name\":\"Home\",\"item\":\"https:\\\/\\\/www.paolochiesifoundation.org\\\/fr\\\/\"},{\"@type\":\"ListItem\",\"position\":2,\"name\":\"Portfolio\",\"item\":\"https:\\\/\\\/www.paolochiesifoundation.org\\\/fr\\\/portfolio-items\\\/\"},{\"@type\":\"ListItem\",\"position\":3,\"name\":\"Th\u00e9orie du changement \u2013 NEST\"}]},{\"@type\":\"WebSite\",\"@id\":\"https:\\\/\\\/www.paolochiesifoundation.org\\\/fr\\\/#website\",\"url\":\"https:\\\/\\\/www.paolochiesifoundation.org\\\/fr\\\/\",\"name\":\"Paolo Chiesi Foundation\",\"description\":\"La salute \u00e8 un diritto di tutti\",\"publisher\":{\"@id\":\"https:\\\/\\\/www.paolochiesifoundation.org\\\/fr\\\/#organization\"},\"potentialAction\":[{\"@type\":\"SearchAction\",\"target\":{\"@type\":\"EntryPoint\",\"urlTemplate\":\"https:\\\/\\\/www.paolochiesifoundation.org\\\/fr\\\/?s={search_term_string}\"},\"query-input\":{\"@type\":\"PropertyValueSpecification\",\"valueRequired\":true,\"valueName\":\"search_term_string\"}}],\"inLanguage\":\"fr-FR\"},{\"@type\":\"Organization\",\"@id\":\"https:\\\/\\\/www.paolochiesifoundation.org\\\/fr\\\/#organization\",\"name\":\"Fondation Paolo Chiesi\",\"url\":\"https:\\\/\\\/www.paolochiesifoundation.org\\\/fr\\\/\",\"logo\":{\"@type\":\"ImageObject\",\"inLanguage\":\"fr-FR\",\"@id\":\"https:\\\/\\\/www.paolochiesifoundation.org\\\/fr\\\/#\\\/schema\\\/logo\\\/image\\\/\",\"url\":\"https:\\\/\\\/www.paolochiesifoundation.org\\\/wp-content\\\/uploads\\\/2025\\\/09\\\/PCF-logo-pos-e1758787716100.png\",\"contentUrl\":\"https:\\\/\\\/www.paolochiesifoundation.org\\\/wp-content\\\/uploads\\\/2025\\\/09\\\/PCF-logo-pos-e1758787716100.png\",\"width\":1815,\"height\":1145,\"caption\":\"Fondation Paolo Chiesi\"},\"image\":{\"@id\":\"https:\\\/\\\/www.paolochiesifoundation.org\\\/fr\\\/#\\\/schema\\\/logo\\\/image\\\/\"},\"sameAs\":[\"https:\\\/\\\/www.facebook.com\\\/Chiesi.Foundation\\\/\",\"https:\\\/\\\/www.linkedin.com\\\/company\\\/chiesi-foundation\"]}]}<\/script>\n<!-- \/ Yoast SEO plugin. -->","yoast_head_json":{"title":"Th\u00e9orie du changement - NEST - Paolo Chiesi Foundation","robots":{"index":"index","follow":"follow","max-snippet":"max-snippet:-1","max-image-preview":"max-image-preview:large","max-video-preview":"max-video-preview:-1"},"canonical":"https:\/\/www.paolochiesifoundation.org\/fr\/portfolio-items\/8609\/","og_locale":"fr_FR","og_type":"article","og_title":"Th\u00e9orie du changement - NEST - Paolo Chiesi Foundation","og_url":"https:\/\/www.paolochiesifoundation.org\/fr\/portfolio-items\/8609\/","og_site_name":"Paolo Chiesi Foundation","article_publisher":"https:\/\/www.facebook.com\/Chiesi.Foundation\/","article_modified_time":"2025-11-03T13:48:14+00:00","og_image":[{"width":1815,"height":1145,"url":"https:\/\/www.paolochiesifoundation.org\/wp-content\/uploads\/2025\/09\/PCF-logo-pos-e1758787716100.png","type":"image\/png"}],"twitter_card":"summary_large_image","twitter_misc":{"Dur\u00e9e de lecture estim\u00e9e":"1 minute"},"schema":{"@context":"https:\/\/schema.org","@graph":[{"@type":"WebPage","@id":"https:\/\/www.paolochiesifoundation.org\/fr\/portfolio-items\/8609\/","url":"https:\/\/www.paolochiesifoundation.org\/fr\/portfolio-items\/8609\/","name":"Th\u00e9orie du changement - NEST - Paolo Chiesi Foundation","isPartOf":{"@id":"https:\/\/www.paolochiesifoundation.org\/fr\/#website"},"datePublished":"2022-11-11T15:33:08+00:00","dateModified":"2025-11-03T13:48:14+00:00","breadcrumb":{"@id":"https:\/\/www.paolochiesifoundation.org\/fr\/portfolio-items\/8609\/#breadcrumb"},"inLanguage":"fr-FR","potentialAction":[{"@type":"ReadAction","target":["https:\/\/www.paolochiesifoundation.org\/fr\/portfolio-items\/8609\/"]}]},{"@type":"BreadcrumbList","@id":"https:\/\/www.paolochiesifoundation.org\/fr\/portfolio-items\/8609\/#breadcrumb","itemListElement":[{"@type":"ListItem","position":1,"name":"Home","item":"https:\/\/www.paolochiesifoundation.org\/fr\/"},{"@type":"ListItem","position":2,"name":"Portfolio","item":"https:\/\/www.paolochiesifoundation.org\/fr\/portfolio-items\/"},{"@type":"ListItem","position":3,"name":"Th\u00e9orie du changement \u2013 NEST"}]},{"@type":"WebSite","@id":"https:\/\/www.paolochiesifoundation.org\/fr\/#website","url":"https:\/\/www.paolochiesifoundation.org\/fr\/","name":"Paolo Chiesi Foundation","description":"La salute \u00e8 un diritto di tutti","publisher":{"@id":"https:\/\/www.paolochiesifoundation.org\/fr\/#organization"},"potentialAction":[{"@type":"SearchAction","target":{"@type":"EntryPoint","urlTemplate":"https:\/\/www.paolochiesifoundation.org\/fr\/?s={search_term_string}"},"query-input":{"@type":"PropertyValueSpecification","valueRequired":true,"valueName":"search_term_string"}}],"inLanguage":"fr-FR"},{"@type":"Organization","@id":"https:\/\/www.paolochiesifoundation.org\/fr\/#organization","name":"Fondation Paolo Chiesi","url":"https:\/\/www.paolochiesifoundation.org\/fr\/","logo":{"@type":"ImageObject","inLanguage":"fr-FR","@id":"https:\/\/www.paolochiesifoundation.org\/fr\/#\/schema\/logo\/image\/","url":"https:\/\/www.paolochiesifoundation.org\/wp-content\/uploads\/2025\/09\/PCF-logo-pos-e1758787716100.png","contentUrl":"https:\/\/www.paolochiesifoundation.org\/wp-content\/uploads\/2025\/09\/PCF-logo-pos-e1758787716100.png","width":1815,"height":1145,"caption":"Fondation Paolo Chiesi"},"image":{"@id":"https:\/\/www.paolochiesifoundation.org\/fr\/#\/schema\/logo\/image\/"},"sameAs":["https:\/\/www.facebook.com\/Chiesi.Foundation\/","https:\/\/www.linkedin.com\/company\/chiesi-foundation"]}]}},"_links":{"self":[{"href":"https:\/\/www.paolochiesifoundation.org\/fr\/wp-json\/wp\/v2\/avada_portfolio\/8609","targetHints":{"allow":["GET"]}}],"collection":[{"href":"https:\/\/www.paolochiesifoundation.org\/fr\/wp-json\/wp\/v2\/avada_portfolio"}],"about":[{"href":"https:\/\/www.paolochiesifoundation.org\/fr\/wp-json\/wp\/v2\/types\/avada_portfolio"}],"author":[{"embeddable":true,"href":"https:\/\/www.paolochiesifoundation.org\/fr\/wp-json\/wp\/v2\/users\/8"}],"replies":[{"embeddable":true,"href":"https:\/\/www.paolochiesifoundation.org\/fr\/wp-json\/wp\/v2\/comments?post=8609"}],"version-history":[{"count":17,"href":"https:\/\/www.paolochiesifoundation.org\/fr\/wp-json\/wp\/v2\/avada_portfolio\/8609\/revisions"}],"predecessor-version":[{"id":15145,"href":"https:\/\/www.paolochiesifoundation.org\/fr\/wp-json\/wp\/v2\/avada_portfolio\/8609\/revisions\/15145"}],"wp:attachment":[{"href":"https:\/\/www.paolochiesifoundation.org\/fr\/wp-json\/wp\/v2\/media?parent=8609"}],"wp:term":[{"taxonomy":"portfolio_category","embeddable":true,"href":"https:\/\/www.paolochiesifoundation.org\/fr\/wp-json\/wp\/v2\/portfolio_category?post=8609"},{"taxonomy":"portfolio_skills","embeddable":true,"href":"https:\/\/www.paolochiesifoundation.org\/fr\/wp-json\/wp\/v2\/portfolio_skills?post=8609"},{"taxonomy":"portfolio_tags","embeddable":true,"href":"https:\/\/www.paolochiesifoundation.org\/fr\/wp-json\/wp\/v2\/portfolio_tags?post=8609"}],"curies":[{"name":"wp","href":"https:\/\/api.w.org\/{rel}","templated":true}]}}